{"id":57,"date":"2026-07-15T04:35:46","date_gmt":"2026-07-15T04:35:46","guid":{"rendered":"http:\/\/dokforums.gov.lv\/lv\/programme\/"},"modified":"2026-09-03T15:45:17","modified_gmt":"2026-09-03T12:45:17","slug":"programme","status":"publish","type":"page","link":"https:\/\/dokforums.gov.lv\/lv\/programme\/","title":{"rendered":"Filmu programma"},"content":{"rendered":"\n<section id=\"film-list-block_6e3020a535f6f34455bcfb3db328fa74\" class=\"block film-list band\">\n    <div class=\"rounded-lg bg-white p-5 md:px-17 md:py-20\">\n\n                    <div class=\"mb-10\">\n                \n                <h2 class=\"block-title\">Filmas 2026<\/h2>            <\/div>\n        \n                    <form method=\"get\" action=\"https:\/\/dokforums.gov.lv\/lv\/programme\/\" class=\"film-filters flex flex-col md:flex-row md:flex-wrap md:items-center gap-3 md:gap-6\" data-filter-form\n                data-filter-error=\"Rezult\u0101tus neizdev\u0101s atjaunin\u0101t. L\u016bdzu, nospiediet \u201ePiem\u0113rot\u201d, lai m\u0113\u0123in\u0101tu v\u0113lreiz.\">\n                                                    <div class=\"w-full md:w-[436px] relative\">\n                        <label class=\"sr-only\" for=\"film-list-block_6e3020a535f6f34455bcfb3db328fa74-screening\">Izv\u0113l\u0113ties izr\u0101d\u012b\u0161anas vietu<\/label>\n                        <select id=\"film-list-block_6e3020a535f6f34455bcfb3db328fa74-screening\" name=\"screening\" class=\"w-full h-14 appearance-none bg-white border border-secondary rounded-none pl-4 pr-12 text-body-md\">\n                            <option value=\"\">Izv\u0113l\u0113ties izr\u0101d\u012b\u0161anas vietu<\/option>\n                                                            <option value=\"CINAMON BALLE\" >CINAMON BALLE<\/option>\n                                                            <option value=\"filmas.lv\" >filmas.lv<\/option>\n                                                            <option value=\"GORS\" >GORS<\/option>\n                                                            <option value=\"J\u016brmalas Kult\u016bras centrs\" >J\u016brmalas Kult\u016bras centrs<\/option>\n                                                            <option value=\"Kino C\u0112SIS\" >Kino C\u0112SIS<\/option>\n                                                            <option value=\"Salas Tautas nams\" >Salas Tautas nams<\/option>\n                                                            <option value=\"Splendid Palace\" >Splendid Palace<\/option>\n                                                    <\/select>\n                        <span class=\"icon absolute right-4 top-1\/2 -translate-y-1\/2 w-4 h-4 pointer-events-none text-secondary\" aria-hidden=\"true\"><!-- @license lucide-static v1.18.0 - ISC -->\n<svg\n  class=\"lucide lucide-chevron-down\"\n  xmlns=\"http:\/\/www.w3.org\/2000\/svg\"\n  width=\"24\"\n  height=\"24\"\n  viewBox=\"0 0 24 24\"\n  fill=\"none\"\n  stroke=\"currentColor\"\n  stroke-width=\"2\"\n  stroke-linecap=\"round\"\n  stroke-linejoin=\"round\"\n>\n  <path d=\"m6 9 6 6 6-6\" \/>\n<\/svg>\n<\/span>                    <\/div>\n                                                    <div class=\"w-full md:w-[436px] relative\">\n                        <label class=\"sr-only\" for=\"film-list-block_6e3020a535f6f34455bcfb3db328fa74-date\">Izv\u0113lieties datumu<\/label>\n                        <select id=\"film-list-block_6e3020a535f6f34455bcfb3db328fa74-date\" name=\"screening_date\" class=\"w-full h-14 appearance-none bg-white border border-secondary rounded-none pl-4 pr-12 text-body-md\">\n                            <option value=\"\">Izv\u0113lieties datumu<\/option>\n                                                            <option value=\"2026-09-08\" >otrdien 8 Sep<\/option>\n                                                            <option value=\"2026-09-09\" >tre\u0161dien 9 Sep<\/option>\n                                                            <option value=\"2026-09-10\" >ceturtdien 10 Sep<\/option>\n                                                            <option value=\"2026-09-11\" >piektdien 11 Sep<\/option>\n                                                            <option value=\"2026-09-12\" >sestdien 12 Sep<\/option>\n                                                            <option value=\"2026-09-13\" >sv\u0113tdien 13 Sep<\/option>\n                                                    <\/select>\n                        <span class=\"icon absolute right-4 top-1\/2 -translate-y-1\/2 w-4 h-4 pointer-events-none text-secondary\" aria-hidden=\"true\"><!-- @license lucide-static v1.18.0 - ISC -->\n<svg\n  class=\"lucide lucide-chevron-down\"\n  xmlns=\"http:\/\/www.w3.org\/2000\/svg\"\n  width=\"24\"\n  height=\"24\"\n  viewBox=\"0 0 24 24\"\n  fill=\"none\"\n  stroke=\"currentColor\"\n  stroke-width=\"2\"\n  stroke-linecap=\"round\"\n  stroke-linejoin=\"round\"\n>\n  <path d=\"m6 9 6 6 6-6\" \/>\n<\/svg>\n<\/span>                    <\/div>\n                                <button type=\"submit\" class=\"h-14 px-6 self-start bg-secondary text-white font-bold text-body-md cursor-pointer hover:underline\" data-filter-submit>Piem\u0113rot<\/button>\n                            <\/form>\n            <p class=\"sr-only\" role=\"status\" data-filter-status><\/p>\n        \n        <div data-filter-results>\n\n                    <hr class=\"border-0 border-t border-border mt-6\" aria-hidden=\"true\">\n            <p class=\"mt-6 text-base text-text-light\">\n                <strong class=\"text-secondary\">12<\/strong> rezult\u0101ti            <\/p>\n        \n        \n            <div class=\"divide-y divide-border\">\n                                    <article class=\"grid md:grid-cols-2 gap-6 md:gap-8 py-6 md:py-5\">\n\n                        <div class=\"aspect-[662\/431] rounded-[20px] overflow-hidden bg-bg\">\n                            <img loading=\"lazy\" decoding=\"async\" width=\"768\" height=\"415\" src=\"https:\/\/dokforums.gov.lv\/lv\/wp-content\/uploads\/sites\/3\/2026\/08\/Amazonmanija-768x415.jpg\" class=\"w-full h-full object-cover wp-post-image\" alt=\"\" srcset=\"https:\/\/dokforums.gov.lv\/lv\/wp-content\/uploads\/sites\/3\/2026\/08\/Amazonmanija-768x415.jpg 768w, https:\/\/dokforums.gov.lv\/lv\/wp-content\/uploads\/sites\/3\/2026\/08\/Amazonmanija-300x162.jpg 300w, https:\/\/dokforums.gov.lv\/lv\/wp-content\/uploads\/sites\/3\/2026\/08\/Amazonmanija-1024x554.jpg 1024w, https:\/\/dokforums.gov.lv\/lv\/wp-content\/uploads\/sites\/3\/2026\/08\/Amazonmanija-1536x830.jpg 1536w, https:\/\/dokforums.gov.lv\/lv\/wp-content\/uploads\/sites\/3\/2026\/08\/Amazonmanija.jpg 1998w\" sizes=\"auto, (max-width: 768px) 100vw, 768px\" \/>                        <\/div>\n\n                                                <div class=\"flex flex-col justify-between gap-8\">\n                            <div>\n                                                        <h3 class=\"text-h3-m md:text-[3rem] md:leading-[1.25] font-medium tracking-[-0.02em] text-secondary\">\n                                <a href=\"https:\/\/dokforums.gov.lv\/lv\/films\/amazonmanija\/\" class=\"group\"><span class=\"group-hover:underline\">Amazonm\u0101nija<\/span><\/a>\n                            <\/h3>\n\n                                                            <p class=\"text-base font-semibold text-text-light mt-3\">Re\u017e. Neitans Grosmans \u2022 2026 \u2022 93 min \u2022 Zviedrija, D\u0101nija, Francija \u2022 16+<\/p>\n                            \n                                                            <p class=\"text-body-lg text-text-light mt-3\">1996. gad\u0101 zviedru \u017eurn\u0101lists kop\u0101 ar starptautisku eksped\u012bcijas grupu dodas Amazones lietusme\u017e\u0101, lai satiktu korubo cilti \u2013 no modern\u0101s pasaules izol\u0113tu pamatiedz\u012bvot\u0101ju kopienu. Eksped\u012bcij\u0101 uz\u0146emtie kadri k\u013c\u016bst par glob\u0101lu sens\u0101ciju. Gandr\u012bz tr\u012bsdesmit gadus v\u0113l\u0101k re\u017eisors Neitans Grosmans brauc uz Amazones d\u017eung\u013ciem, lai no jauna sastaptos ar viet\u0113j\u0101s cilts \u013caud\u012bm. Kad korubo kopienas p\u0101rst\u0101vji dal\u0101s ar [&hellip;]<\/p>\n                            \n                                                                                                                        <div class=\"flex flex-wrap gap-4 mt-4\">\n                                                                            <span class=\"flex flex-col w-40 bg-bg rounded-sm pl-4 pr-[18px] py-2\">\n                                                                                            <span class=\"text-base text-text-light\">ceturtdien 10 Sep<\/span>\n                                                                                                                                        <span class=\"font-semibold text-text-light text-h6 leading-[1.5]\">18:00<\/span>\n                                                                                                                                <\/span>\n                                                                            <span class=\"flex flex-col w-40 bg-bg rounded-sm pl-4 pr-[18px] py-2\">\n                                                                                            <span class=\"text-base text-text-light\">ceturtdien 10 Sep<\/span>\n                                                                                                                                        <span class=\"font-semibold text-text-light text-h6 leading-[1.5]\">21:00<\/span>\n                                                                                                                                <\/span>\n                                                                            <span class=\"flex flex-col w-40 bg-bg rounded-sm pl-4 pr-[18px] py-2\">\n                                                                                            <span class=\"text-base text-text-light\">sv\u0113tdien 13 Sep<\/span>\n                                                                                                                                        <span class=\"font-semibold text-text-light text-h6 leading-[1.5]\">13:00<\/span>\n                                                                                                                                <\/span>\n                                                                            <span class=\"flex flex-col w-40 bg-bg rounded-sm pl-4 pr-[18px] py-2\">\n                                                                                            <span class=\"text-base text-text-light\">sv\u0113tdien 13 Sep<\/span>\n                                                                                                                                        <span class=\"font-semibold text-text-light text-h6 leading-[1.5]\">18:00<\/span>\n                                                                                                                                <\/span>\n                                                                    <\/div>\n                            \n                            <\/div>\n\n                            <div class=\"flex justify-end\">\n                                <a class=\"arrow-link\" href=\"https:\/\/dokforums.gov.lv\/lv\/films\/amazonmanija\/\">\n    Uzzin\u0101t vair\u0101k    <span class=\"arrow-link__circle\" aria-hidden=\"true\"><!-- @license lucide-static v1.18.0 - ISC -->\n<svg\n  class=\"lucide lucide-chevron-right\"\n  xmlns=\"http:\/\/www.w3.org\/2000\/svg\"\n  width=\"24\"\n  height=\"24\"\n  viewBox=\"0 0 24 24\"\n  fill=\"none\"\n  stroke=\"currentColor\"\n  stroke-width=\"2\"\n  stroke-linecap=\"round\"\n  stroke-linejoin=\"round\"\n>\n  <path d=\"m9 18 6-6-6-6\" \/>\n<\/svg>\n<\/span>\n<\/a>\n                            <\/div>\n                        <\/div>\n\n                    <\/article>\n                                    <article class=\"grid md:grid-cols-2 gap-6 md:gap-8 py-6 md:py-5\">\n\n                        <div class=\"aspect-[662\/431] rounded-[20px] overflow-hidden bg-bg\">\n                            <img loading=\"lazy\" decoding=\"async\" width=\"768\" height=\"432\" src=\"https:\/\/dokforums.gov.lv\/lv\/wp-content\/uploads\/sites\/3\/2026\/08\/Asmens.-Salmana-Rusdi-slepkavibas-768x432.jpg\" class=\"w-full h-full object-cover wp-post-image\" alt=\"\" srcset=\"https:\/\/dokforums.gov.lv\/lv\/wp-content\/uploads\/sites\/3\/2026\/08\/Asmens.-Salmana-Rusdi-slepkavibas-768x432.jpg 768w, https:\/\/dokforums.gov.lv\/lv\/wp-content\/uploads\/sites\/3\/2026\/08\/Asmens.-Salmana-Rusdi-slepkavibas-300x169.jpg 300w, https:\/\/dokforums.gov.lv\/lv\/wp-content\/uploads\/sites\/3\/2026\/08\/Asmens.-Salmana-Rusdi-slepkavibas-1024x576.jpg 1024w, https:\/\/dokforums.gov.lv\/lv\/wp-content\/uploads\/sites\/3\/2026\/08\/Asmens.-Salmana-Rusdi-slepkavibas-1536x864.jpg 1536w, https:\/\/dokforums.gov.lv\/lv\/wp-content\/uploads\/sites\/3\/2026\/08\/Asmens.-Salmana-Rusdi-slepkavibas.jpg 1920w\" sizes=\"auto, (max-width: 768px) 100vw, 768px\" \/>                        <\/div>\n\n                                                <div class=\"flex flex-col justify-between gap-8\">\n                            <div>\n                                                        <h3 class=\"text-h3-m md:text-[3rem] md:leading-[1.25] font-medium tracking-[-0.02em] text-secondary\">\n                                <a href=\"https:\/\/dokforums.gov.lv\/lv\/films\/asmens-salmana-rusdi-slepkavibas-meginajums\/\" class=\"group\"><span class=\"group-hover:underline\">Asmens. Salmana Ru\u0161di slepkav\u012bbas m\u0113\u0123in\u0101jums<\/span><\/a>\n                            <\/h3>\n\n                                                            <p class=\"text-base font-semibold text-text-light mt-3\">Re\u017e. Alekss Gibnijs \u2022 2026 \u2022 107 min \u2022 ASV \u2022 16+<\/p>\n                            \n                                                            <p class=\"text-body-lg text-text-light mt-3\">Filmas centr\u0101 ir nesalau\u017eams sp\u0113ks turpin\u0101t rad\u012bt, neskatoties uz n\u0101ves draudiem. 2022. gada 12. august\u0101 rakstnieks Salmans Ru\u0161di k\u0101pa uz skatuves \u0145ujorkas \u0161tat\u0101, lai run\u0101tu par ASV k\u0101 dro\u0161u patv\u0113rumu trimd\u0101 dz\u012bvojo\u0161iem rakstniekiem. P\u0113c da\u017e\u0101m sekund\u0113m k\u0101ds uzbruc\u0113js rakstnieku sad\u016bra 15 reizes. Ru\u0161di guva smagus ievainojumus, zaud\u0113ja vienu aci, ta\u010du izdz\u012bvoja. Oskara balvas laure\u0101ta Aleksa [&hellip;]<\/p>\n                            \n                                                                                                                        <div class=\"flex flex-wrap gap-4 mt-4\">\n                                                                            <span class=\"flex flex-col w-40 bg-bg rounded-sm pl-4 pr-[18px] py-2\">\n                                                                                            <span class=\"text-base text-text-light\">tre\u0161dien 9 Sep<\/span>\n                                                                                                                                        <span class=\"font-semibold text-text-light text-h6 leading-[1.5]\">20:30<\/span>\n                                                                                                                                <\/span>\n                                                                            <span class=\"flex flex-col w-40 bg-bg rounded-sm pl-4 pr-[18px] py-2\">\n                                                                                            <span class=\"text-base text-text-light\">sv\u0113tdien 13 Sep<\/span>\n                                                                                                                                        <span class=\"font-semibold text-text-light text-h6 leading-[1.5]\">15:00<\/span>\n                                                                                                                                <\/span>\n                                                                    <\/div>\n                            \n                            <\/div>\n\n                            <div class=\"flex justify-end\">\n                                <a class=\"arrow-link\" href=\"https:\/\/dokforums.gov.lv\/lv\/films\/asmens-salmana-rusdi-slepkavibas-meginajums\/\">\n    Uzzin\u0101t vair\u0101k    <span class=\"arrow-link__circle\" aria-hidden=\"true\"><!-- @license lucide-static v1.18.0 - ISC -->\n<svg\n  class=\"lucide lucide-chevron-right\"\n  xmlns=\"http:\/\/www.w3.org\/2000\/svg\"\n  width=\"24\"\n  height=\"24\"\n  viewBox=\"0 0 24 24\"\n  fill=\"none\"\n  stroke=\"currentColor\"\n  stroke-width=\"2\"\n  stroke-linecap=\"round\"\n  stroke-linejoin=\"round\"\n>\n  <path d=\"m9 18 6-6-6-6\" \/>\n<\/svg>\n<\/span>\n<\/a>\n                            <\/div>\n                        <\/div>\n\n                    <\/article>\n                                    <article class=\"grid md:grid-cols-2 gap-6 md:gap-8 py-6 md:py-5\">\n\n                        <div class=\"aspect-[662\/431] rounded-[20px] overflow-hidden bg-bg\">\n                            <img loading=\"lazy\" decoding=\"async\" width=\"768\" height=\"432\" src=\"https:\/\/dokforums.gov.lv\/lv\/wp-content\/uploads\/sites\/3\/2026\/08\/Dumu-karaliene-768x432.jpg\" class=\"w-full h-full object-cover wp-post-image\" alt=\"\" srcset=\"https:\/\/dokforums.gov.lv\/lv\/wp-content\/uploads\/sites\/3\/2026\/08\/Dumu-karaliene-768x432.jpg 768w, https:\/\/dokforums.gov.lv\/lv\/wp-content\/uploads\/sites\/3\/2026\/08\/Dumu-karaliene-300x169.jpg 300w, https:\/\/dokforums.gov.lv\/lv\/wp-content\/uploads\/sites\/3\/2026\/08\/Dumu-karaliene-1024x576.jpg 1024w, https:\/\/dokforums.gov.lv\/lv\/wp-content\/uploads\/sites\/3\/2026\/08\/Dumu-karaliene-1536x864.jpg 1536w, https:\/\/dokforums.gov.lv\/lv\/wp-content\/uploads\/sites\/3\/2026\/08\/Dumu-karaliene.jpg 1778w\" sizes=\"auto, (max-width: 768px) 100vw, 768px\" \/>                        <\/div>\n\n                                                <div class=\"flex flex-col justify-between gap-8\">\n                            <div>\n                                                        <h3 class=\"text-h3-m md:text-[3rem] md:leading-[1.25] font-medium tracking-[-0.02em] text-secondary\">\n                                <a href=\"https:\/\/dokforums.gov.lv\/lv\/films\/dumu-karaliene\/\" class=\"group\"><span class=\"group-hover:underline\">D\u016bmu karaliene<\/span><\/a>\n                            <\/h3>\n\n                                                            <p class=\"text-base font-semibold text-text-light mt-3\">Re\u017e. Iga Lisa \u2022 2025 \u2022 65 min \u2022 Polija \u2022 12+<\/p>\n                            \n                                                            <p class=\"text-body-lg text-text-light mt-3\">Vasar\u0101s Leba ir viens no popul\u0101r\u0101kajiem Polijas k\u016brortiem un uz\u0146em vair\u0101kus simtus t\u016bksto\u0161u viesu. Filmas centr\u0101 ir Mje\u010da \u2013 Lebas le\u0123end\u0101r\u0101s zivju k\u016bpin\u0101tavas saimniece, kuru viet\u0113jie d\u0113v\u0113 par pils\u0113tas karalieni. Vair\u0101k nek\u0101 40 darba gados vi\u0146a k\u013cuvusi par Lebas ainavas neat\u0146emamu da\u013cu. Ar neiztr\u016bksto\u0161u cigareti mutes kakti\u0146\u0101 Mje\u010da joko, ka l\u012bdz ar ziv\u012bm izk\u016bpin\u0101jusi ar\u012b [&hellip;]<\/p>\n                            \n                                                                                                                        <div class=\"flex flex-wrap gap-4 mt-4\">\n                                                                            <span class=\"flex flex-col w-40 bg-bg rounded-sm pl-4 pr-[18px] py-2\">\n                                                                                            <span class=\"text-base text-text-light\">8\u201313 Sep<\/span>\n                                                                                                                                        <span class=\"font-semibold text-text-light text-h6 leading-[1.5]\">filmas.lv<\/span>\n                                                                                                                                <\/span>\n                                                                    <\/div>\n                            \n                            <\/div>\n\n                            <div class=\"flex justify-end\">\n                                <a class=\"arrow-link\" href=\"https:\/\/dokforums.gov.lv\/lv\/films\/dumu-karaliene\/\">\n    Uzzin\u0101t vair\u0101k    <span class=\"arrow-link__circle\" aria-hidden=\"true\"><!-- @license lucide-static v1.18.0 - ISC -->\n<svg\n  class=\"lucide lucide-chevron-right\"\n  xmlns=\"http:\/\/www.w3.org\/2000\/svg\"\n  width=\"24\"\n  height=\"24\"\n  viewBox=\"0 0 24 24\"\n  fill=\"none\"\n  stroke=\"currentColor\"\n  stroke-width=\"2\"\n  stroke-linecap=\"round\"\n  stroke-linejoin=\"round\"\n>\n  <path d=\"m9 18 6-6-6-6\" \/>\n<\/svg>\n<\/span>\n<\/a>\n                            <\/div>\n                        <\/div>\n\n                    <\/article>\n                                    <article class=\"grid md:grid-cols-2 gap-6 md:gap-8 py-6 md:py-5\">\n\n                        <div class=\"aspect-[662\/431] rounded-[20px] overflow-hidden bg-bg\">\n                            <img loading=\"lazy\" decoding=\"async\" width=\"768\" height=\"326\" src=\"https:\/\/dokforums.gov.lv\/lv\/wp-content\/uploads\/sites\/3\/2026\/08\/Kludities-ir-skaisti-768x326.jpg\" class=\"w-full h-full object-cover wp-post-image\" alt=\"\" srcset=\"https:\/\/dokforums.gov.lv\/lv\/wp-content\/uploads\/sites\/3\/2026\/08\/Kludities-ir-skaisti-768x326.jpg 768w, https:\/\/dokforums.gov.lv\/lv\/wp-content\/uploads\/sites\/3\/2026\/08\/Kludities-ir-skaisti-300x127.jpg 300w, https:\/\/dokforums.gov.lv\/lv\/wp-content\/uploads\/sites\/3\/2026\/08\/Kludities-ir-skaisti-1024x435.jpg 1024w, https:\/\/dokforums.gov.lv\/lv\/wp-content\/uploads\/sites\/3\/2026\/08\/Kludities-ir-skaisti-1536x653.jpg 1536w, https:\/\/dokforums.gov.lv\/lv\/wp-content\/uploads\/sites\/3\/2026\/08\/Kludities-ir-skaisti-2048x870.jpg 2048w\" sizes=\"auto, (max-width: 768px) 100vw, 768px\" \/>                        <\/div>\n\n                                                <div class=\"flex flex-col justify-between gap-8\">\n                            <div>\n                                                        <h3 class=\"text-h3-m md:text-[3rem] md:leading-[1.25] font-medium tracking-[-0.02em] text-secondary\">\n                                <a href=\"https:\/\/dokforums.gov.lv\/lv\/films\/kludities-ir-skaisti\/\" class=\"group\"><span class=\"group-hover:underline\">K\u013c\u016bd\u012bties ir skaisti<\/span><\/a>\n                            <\/h3>\n\n                                                            <p class=\"text-base font-semibold text-text-light mt-3\">Re\u017e. Juka Kerkeinens \u2022 2026 \u2022 94 min \u2022 Somija \u2022 16+<\/p>\n                            \n                                                            <p class=\"text-body-lg text-text-light mt-3\">B\u0113rniem pieaugot, main\u012bties n\u0101kas ar\u012b vec\u0101kiem. Kad Tero d\u0113ls Henri iem\u012blas, t\u0113vam t\u0101 \u0161\u0137iet k\u0101 nodev\u012bba. Tr\u0101p\u012bgs, skaudrs un negaid\u012bti gai\u0161s st\u0101sts par \u0123imeni, kur m\u012blest\u012bbas kl\u0101tb\u016btne ir nojau\u0161ama neveikl\u0101 \u017eest\u0101, skatien\u0101 un nop\u016bt\u0101. T\u0113va un d\u0113la sadursm\u0113 atkl\u0101jas paaudz\u0113s mantots v\u012bri\u0161\u0137\u012bbas modelis \u2014 r\u016bpes bie\u017e\u0101k izpau\u017eas darbos nek\u0101 v\u0101rdos, bet pie\u0137er\u0161an\u0101s mask\u0113jas aiz \u012bdz\u012bg\u0101m [&hellip;]<\/p>\n                            \n                                                                                                                        <div class=\"flex flex-wrap gap-4 mt-4\">\n                                                                            <span class=\"flex flex-col w-40 bg-bg rounded-sm pl-4 pr-[18px] py-2\">\n                                                                                            <span class=\"text-base text-text-light\">piektdien 11 Sep<\/span>\n                                                                                                                                        <span class=\"font-semibold text-text-light text-h6 leading-[1.5]\">18:00<\/span>\n                                                                                                                                <\/span>\n                                                                            <span class=\"flex flex-col w-40 bg-bg rounded-sm pl-4 pr-[18px] py-2\">\n                                                                                            <span class=\"text-base text-text-light\">sestdien 12 Sep<\/span>\n                                                                                                                                        <span class=\"font-semibold text-text-light text-h6 leading-[1.5]\">15:00<\/span>\n                                                                                                                                <\/span>\n                                                                    <\/div>\n                            \n                            <\/div>\n\n                            <div class=\"flex justify-end\">\n                                <a class=\"arrow-link\" href=\"https:\/\/dokforums.gov.lv\/lv\/films\/kludities-ir-skaisti\/\">\n    Uzzin\u0101t vair\u0101k    <span class=\"arrow-link__circle\" aria-hidden=\"true\"><!-- @license lucide-static v1.18.0 - ISC -->\n<svg\n  class=\"lucide lucide-chevron-right\"\n  xmlns=\"http:\/\/www.w3.org\/2000\/svg\"\n  width=\"24\"\n  height=\"24\"\n  viewBox=\"0 0 24 24\"\n  fill=\"none\"\n  stroke=\"currentColor\"\n  stroke-width=\"2\"\n  stroke-linecap=\"round\"\n  stroke-linejoin=\"round\"\n>\n  <path d=\"m9 18 6-6-6-6\" \/>\n<\/svg>\n<\/span>\n<\/a>\n                            <\/div>\n                        <\/div>\n\n                    <\/article>\n                                    <article class=\"grid md:grid-cols-2 gap-6 md:gap-8 py-6 md:py-5\">\n\n                        <div class=\"aspect-[662\/431] rounded-[20px] overflow-hidden bg-bg\">\n                            <img loading=\"lazy\" decoding=\"async\" width=\"768\" height=\"432\" src=\"https:\/\/dokforums.gov.lv\/lv\/wp-content\/uploads\/sites\/3\/2026\/08\/Kur-viss-zud-768x432.jpg\" class=\"w-full h-full object-cover wp-post-image\" alt=\"\" srcset=\"https:\/\/dokforums.gov.lv\/lv\/wp-content\/uploads\/sites\/3\/2026\/08\/Kur-viss-zud-768x432.jpg 768w, https:\/\/dokforums.gov.lv\/lv\/wp-content\/uploads\/sites\/3\/2026\/08\/Kur-viss-zud-300x169.jpg 300w, https:\/\/dokforums.gov.lv\/lv\/wp-content\/uploads\/sites\/3\/2026\/08\/Kur-viss-zud-1024x576.jpg 1024w, https:\/\/dokforums.gov.lv\/lv\/wp-content\/uploads\/sites\/3\/2026\/08\/Kur-viss-zud-1536x864.jpg 1536w, https:\/\/dokforums.gov.lv\/lv\/wp-content\/uploads\/sites\/3\/2026\/08\/Kur-viss-zud.jpg 1920w\" sizes=\"auto, (max-width: 768px) 100vw, 768px\" \/>                        <\/div>\n\n                                                <div class=\"flex flex-col justify-between gap-8\">\n                            <div>\n                                                        <h3 class=\"text-h3-m md:text-[3rem] md:leading-[1.25] font-medium tracking-[-0.02em] text-secondary\">\n                                <a href=\"https:\/\/dokforums.gov.lv\/lv\/films\/kur-viss-zud\/\" class=\"group\"><span class=\"group-hover:underline\">Kur viss z\u016bd<\/span><\/a>\n                            <\/h3>\n\n                                                            <p class=\"text-base font-semibold text-text-light mt-3\">Re\u017e. Oleksandrs Tka\u010denko \u2022 2026 \u2022 88 min \u2022 Francija, Ukraina \u2022 16+<\/p>\n                            \n                                                            <p class=\"text-body-lg text-text-light mt-3\">Ukrai\u0146u kinooperators un pacifists Dmitro Dokunovs dibina ekociematu gleznain\u0101 nost\u016br\u012b Ukrainas kalnos. Br\u012bvi, priec\u012bgi un rado\u0161i dabas b\u0113rni iekopj m\u0101jas un d\u0101rzus, medit\u0113, bauda peldes parad\u012bzes \u016bdenskritumos, un m\u012bl dz\u012bvi t\u0101, k\u0101 to iesp\u0113jams tikai jaun\u012bbas maksim\u0101lism\u0101.\u00a0 Ta\u010du pavisam dr\u012bz Dmitro sa\u0146em pav\u0113sti par iesauk\u0161anu armij\u0101, lai c\u012bn\u012btos pret Krievijas agresiju. Ar viedt\u0101lruni k\u0101 vien\u012bgo [&hellip;]<\/p>\n                            \n                                                                                                                        <div class=\"flex flex-wrap gap-4 mt-4\">\n                                                                            <span class=\"flex flex-col w-40 bg-bg rounded-sm pl-4 pr-[18px] py-2\">\n                                                                                            <span class=\"text-base text-text-light\">8\u201313 Sep<\/span>\n                                                                                                                                        <span class=\"font-semibold text-text-light text-h6 leading-[1.5]\">filmas.lv<\/span>\n                                                                                                                                <\/span>\n                                                                    <\/div>\n                            \n                            <\/div>\n\n                            <div class=\"flex justify-end\">\n                                <a class=\"arrow-link\" href=\"https:\/\/dokforums.gov.lv\/lv\/films\/kur-viss-zud\/\">\n    Uzzin\u0101t vair\u0101k    <span class=\"arrow-link__circle\" aria-hidden=\"true\"><!-- @license lucide-static v1.18.0 - ISC -->\n<svg\n  class=\"lucide lucide-chevron-right\"\n  xmlns=\"http:\/\/www.w3.org\/2000\/svg\"\n  width=\"24\"\n  height=\"24\"\n  viewBox=\"0 0 24 24\"\n  fill=\"none\"\n  stroke=\"currentColor\"\n  stroke-width=\"2\"\n  stroke-linecap=\"round\"\n  stroke-linejoin=\"round\"\n>\n  <path d=\"m9 18 6-6-6-6\" \/>\n<\/svg>\n<\/span>\n<\/a>\n                            <\/div>\n                        <\/div>\n\n                    <\/article>\n                                    <article class=\"grid md:grid-cols-2 gap-6 md:gap-8 py-6 md:py-5\">\n\n                        <div class=\"aspect-[662\/431] rounded-[20px] overflow-hidden bg-bg\">\n                            <img loading=\"lazy\" decoding=\"async\" width=\"768\" height=\"466\" src=\"https:\/\/dokforums.gov.lv\/lv\/wp-content\/uploads\/sites\/3\/2026\/08\/Mana-gimene-un-citi-klauni-768x466.jpg\" class=\"w-full h-full object-cover wp-post-image\" alt=\"\" srcset=\"https:\/\/dokforums.gov.lv\/lv\/wp-content\/uploads\/sites\/3\/2026\/08\/Mana-gimene-un-citi-klauni-768x466.jpg 768w, https:\/\/dokforums.gov.lv\/lv\/wp-content\/uploads\/sites\/3\/2026\/08\/Mana-gimene-un-citi-klauni-300x182.jpg 300w, https:\/\/dokforums.gov.lv\/lv\/wp-content\/uploads\/sites\/3\/2026\/08\/Mana-gimene-un-citi-klauni-1024x622.jpg 1024w, https:\/\/dokforums.gov.lv\/lv\/wp-content\/uploads\/sites\/3\/2026\/08\/Mana-gimene-un-citi-klauni-1536x933.jpg 1536w, https:\/\/dokforums.gov.lv\/lv\/wp-content\/uploads\/sites\/3\/2026\/08\/Mana-gimene-un-citi-klauni.jpg 1920w\" sizes=\"auto, (max-width: 768px) 100vw, 768px\" \/>                        <\/div>\n\n                                                <div class=\"flex flex-col justify-between gap-8\">\n                            <div>\n                                                        <h3 class=\"text-h3-m md:text-[3rem] md:leading-[1.25] font-medium tracking-[-0.02em] text-secondary\">\n                                <a href=\"https:\/\/dokforums.gov.lv\/lv\/films\/mana-gimene-un-citi-klauni\/\" class=\"group\"><span class=\"group-hover:underline\">Mana \u0123imene un citi klauni<\/span><\/a>\n                            <\/h3>\n\n                                                            <p class=\"text-base font-semibold text-text-light mt-3\">Re\u017e. Heilika Pikova, L\u012bna Serkinena \u2022 2025 \u2022 84 min \u2022 Igaunija \u2022 12+<\/p>\n                            \n                                                            <p class=\"text-body-lg text-text-light mt-3\">Da\u017ek\u0101rt smiekli visska\u013c\u0101k atskan tad, kad vismaz\u0101k esi gaid\u012bjis. Vair\u0101k nek\u0101 25 gadus igau\u0146u klauni P\u012bps un T\u016bta ir priec\u0113ju\u0161i b\u0113rnus un \u0123imenes vis\u0101 pasaul\u0113, ta\u010du ikdiena ne vienm\u0113r ir tik jautra k\u0101 uzst\u0101\u0161an\u0101s skatuves pro\u017eektoru gaism\u0101. Kam\u0113r P\u012bps un T\u016bta p\u0101rguru\u0161i pako k\u0101rt\u0113j\u0101s ce\u013casomas, vienistabas dz\u012bvokl\u012b Tallinas piev\u0101rt\u0113 vi\u0146u pa\u0161u tr\u012bs b\u0113rni aug sav\u0101 [&hellip;]<\/p>\n                            \n                                                                                                                        <div class=\"flex flex-wrap gap-4 mt-4\">\n                                                                            <span class=\"flex flex-col w-40 bg-bg rounded-sm pl-4 pr-[18px] py-2\">\n                                                                                            <span class=\"text-base text-text-light\">otrdien 8 Sep<\/span>\n                                                                                                                                        <span class=\"font-semibold text-text-light text-h6 leading-[1.5]\">17:00<\/span>\n                                                                                                                                <\/span>\n                                                                            <span class=\"flex flex-col w-40 bg-bg rounded-sm pl-4 pr-[18px] py-2\">\n                                                                                            <span class=\"text-base text-text-light\">otrdien 8 Sep<\/span>\n                                                                                                                                        <span class=\"font-semibold text-text-light text-h6 leading-[1.5]\">18:00<\/span>\n                                                                                                                                <\/span>\n                                                                            <span class=\"flex flex-col w-40 bg-bg rounded-sm pl-4 pr-[18px] py-2\">\n                                                                                            <span class=\"text-base text-text-light\">tre\u0161dien 9 Sep<\/span>\n                                                                                                                                        <span class=\"font-semibold text-text-light text-h6 leading-[1.5]\">13:00<\/span>\n                                                                                                                                <\/span>\n                                                                            <span class=\"flex flex-col w-40 bg-bg rounded-sm pl-4 pr-[18px] py-2\">\n                                                                                            <span class=\"text-base text-text-light\">tre\u0161dien 9 Sep<\/span>\n                                                                                                                                        <span class=\"font-semibold text-text-light text-h6 leading-[1.5]\">18:00<\/span>\n                                                                                                                                <\/span>\n                                                                    <\/div>\n                            \n                            <\/div>\n\n                            <div class=\"flex justify-end\">\n                                <a class=\"arrow-link\" href=\"https:\/\/dokforums.gov.lv\/lv\/films\/mana-gimene-un-citi-klauni\/\">\n    Uzzin\u0101t vair\u0101k    <span class=\"arrow-link__circle\" aria-hidden=\"true\"><!-- @license lucide-static v1.18.0 - ISC -->\n<svg\n  class=\"lucide lucide-chevron-right\"\n  xmlns=\"http:\/\/www.w3.org\/2000\/svg\"\n  width=\"24\"\n  height=\"24\"\n  viewBox=\"0 0 24 24\"\n  fill=\"none\"\n  stroke=\"currentColor\"\n  stroke-width=\"2\"\n  stroke-linecap=\"round\"\n  stroke-linejoin=\"round\"\n>\n  <path d=\"m9 18 6-6-6-6\" \/>\n<\/svg>\n<\/span>\n<\/a>\n                            <\/div>\n                        <\/div>\n\n                    <\/article>\n                                    <article class=\"grid md:grid-cols-2 gap-6 md:gap-8 py-6 md:py-5\">\n\n                        <div class=\"aspect-[662\/431] rounded-[20px] overflow-hidden bg-bg\">\n                            <img loading=\"lazy\" decoding=\"async\" width=\"768\" height=\"319\" src=\"https:\/\/dokforums.gov.lv\/lv\/wp-content\/uploads\/sites\/3\/2026\/08\/Meklejot-Daro-e1788198812647-768x319.jpg\" class=\"w-full h-full object-cover wp-post-image\" alt=\"\" srcset=\"https:\/\/dokforums.gov.lv\/lv\/wp-content\/uploads\/sites\/3\/2026\/08\/Meklejot-Daro-e1788198812647-768x319.jpg 768w, https:\/\/dokforums.gov.lv\/lv\/wp-content\/uploads\/sites\/3\/2026\/08\/Meklejot-Daro-e1788198812647-300x125.jpg 300w, https:\/\/dokforums.gov.lv\/lv\/wp-content\/uploads\/sites\/3\/2026\/08\/Meklejot-Daro-e1788198812647-1024x425.jpg 1024w, https:\/\/dokforums.gov.lv\/lv\/wp-content\/uploads\/sites\/3\/2026\/08\/Meklejot-Daro-e1788198812647-1536x638.jpg 1536w, https:\/\/dokforums.gov.lv\/lv\/wp-content\/uploads\/sites\/3\/2026\/08\/Meklejot-Daro-e1788198812647.jpg 1920w\" sizes=\"auto, (max-width: 768px) 100vw, 768px\" \/>                        <\/div>\n\n                                                <div class=\"flex flex-col justify-between gap-8\">\n                            <div>\n                                                        <h3 class=\"text-h3-m md:text-[3rem] md:leading-[1.25] font-medium tracking-[-0.02em] text-secondary\">\n                                <a href=\"https:\/\/dokforums.gov.lv\/lv\/films\/meklejot-daro\/\" class=\"group\"><span class=\"group-hover:underline\">Mekl\u0113jot Daro<\/span><\/a>\n                            <\/h3>\n\n                                                            <p class=\"text-base font-semibold text-text-light mt-3\">Re\u017e. Daro Hansena \u2022 2026 \u2022 89 min \u2022 D\u0101nija \u2022 16+<\/p>\n                            \n                                                            <p class=\"text-body-lg text-text-light mt-3\">K\u0101 turpin\u0101t dz\u012bvot un dar\u012bt labu, kad pasaule \u0161\u0137ietami j\u016bk pr\u0101t\u0101? Daro Hansenas \u013coti personiskais ce\u013cojums laik\u0101 un telp\u0101 ved no S\u012brijas uz D\u0101niju, Lib\u0101nu un Grie\u0137iju. Divdesmit gadu laik\u0101 uzkr\u0101tais personiskais videoarh\u012bvs k\u013c\u016bst par savdab\u012bgu atmi\u0146u karti \u2014 no pirm\u0101s m\u012blest\u012bbas un piespiedu laul\u012bbas l\u012bdz kara, migr\u0101cijas un \u0123imenes traumu pieredzei. T\u0101 ir filma [&hellip;]<\/p>\n                            \n                                                                                                                        <div class=\"flex flex-wrap gap-4 mt-4\">\n                                                                            <span class=\"flex flex-col w-40 bg-bg rounded-sm pl-4 pr-[18px] py-2\">\n                                                                                            <span class=\"text-base text-text-light\">sestdien 12 Sep<\/span>\n                                                                                                                                        <span class=\"font-semibold text-text-light text-h6 leading-[1.5]\">20:30<\/span>\n                                                                                                                                <\/span>\n                                                                            <span class=\"flex flex-col w-40 bg-bg rounded-sm pl-4 pr-[18px] py-2\">\n                                                                                            <span class=\"text-base text-text-light\">sv\u0113tdien 13 Sep<\/span>\n                                                                                                                                        <span class=\"font-semibold text-text-light text-h6 leading-[1.5]\">17:30<\/span>\n                                                                                                                                <\/span>\n                                                                    <\/div>\n                            \n                            <\/div>\n\n                            <div class=\"flex justify-end\">\n                                <a class=\"arrow-link\" href=\"https:\/\/dokforums.gov.lv\/lv\/films\/meklejot-daro\/\">\n    Uzzin\u0101t vair\u0101k    <span class=\"arrow-link__circle\" aria-hidden=\"true\"><!-- @license lucide-static v1.18.0 - ISC -->\n<svg\n  class=\"lucide lucide-chevron-right\"\n  xmlns=\"http:\/\/www.w3.org\/2000\/svg\"\n  width=\"24\"\n  height=\"24\"\n  viewBox=\"0 0 24 24\"\n  fill=\"none\"\n  stroke=\"currentColor\"\n  stroke-width=\"2\"\n  stroke-linecap=\"round\"\n  stroke-linejoin=\"round\"\n>\n  <path d=\"m9 18 6-6-6-6\" \/>\n<\/svg>\n<\/span>\n<\/a>\n                            <\/div>\n                        <\/div>\n\n                    <\/article>\n                                    <article class=\"grid md:grid-cols-2 gap-6 md:gap-8 py-6 md:py-5\">\n\n                        <div class=\"aspect-[662\/431] rounded-[20px] overflow-hidden bg-bg\">\n                            <img loading=\"lazy\" decoding=\"async\" width=\"768\" height=\"432\" src=\"https:\/\/dokforums.gov.lv\/lv\/wp-content\/uploads\/sites\/3\/2026\/08\/Par-ko-klus-Rozi-768x432.jpg\" class=\"w-full h-full object-cover wp-post-image\" alt=\"\" srcset=\"https:\/\/dokforums.gov.lv\/lv\/wp-content\/uploads\/sites\/3\/2026\/08\/Par-ko-klus-Rozi-768x432.jpg 768w, https:\/\/dokforums.gov.lv\/lv\/wp-content\/uploads\/sites\/3\/2026\/08\/Par-ko-klus-Rozi-300x169.jpg 300w, https:\/\/dokforums.gov.lv\/lv\/wp-content\/uploads\/sites\/3\/2026\/08\/Par-ko-klus-Rozi-1024x576.jpg 1024w, https:\/\/dokforums.gov.lv\/lv\/wp-content\/uploads\/sites\/3\/2026\/08\/Par-ko-klus-Rozi-1536x864.jpg 1536w, https:\/\/dokforums.gov.lv\/lv\/wp-content\/uploads\/sites\/3\/2026\/08\/Par-ko-klus-Rozi.jpg 1920w\" sizes=\"auto, (max-width: 768px) 100vw, 768px\" \/>                        <\/div>\n\n                                                <div class=\"flex flex-col justify-between gap-8\">\n                            <div>\n                                                        <h3 class=\"text-h3-m md:text-[3rem] md:leading-[1.25] font-medium tracking-[-0.02em] text-secondary\">\n                                <a href=\"https:\/\/dokforums.gov.lv\/lv\/films\/par-ko-klus-rozi\/\" class=\"group\"><span class=\"group-hover:underline\">Par ko k\u013c\u016bs Rozi?<\/span><\/a>\n                            <\/h3>\n\n                                                            <p class=\"text-base font-semibold text-text-light mt-3\">Re\u017e. Margita Lillaka \u2022 2025 \u2022 84 min \u2022 Igaunija, V\u0101cija  \u2022 12+<\/p>\n                            \n                                                            <p class=\"text-body-lg text-text-light mt-3\">Re\u017eisore 10 gadus dokument\u0113jusi Rozi pieaug\u0161anas st\u0101stu &#8211; no b\u0113rn\u012bbas noma\u013c\u0101 ekokopien\u0101 l\u012bdz klimata aizst\u0101v\u012bbas protestiem pils\u0113t\u0101. Jaut\u0101jumi par vec\u0101ku izv\u0113l\u0113m mijas ar identit\u0101tes mekl\u0113jumiem, personiskiem izaicin\u0101jumiem, rado\u0161iem eksperimentiem un paaudzes atbild\u012bbu posto\u0161o klimata p\u0101rmai\u0146u mazin\u0101\u0161an\u0101.\u00a0 Filma ir emocion\u0101li smalks st\u0101sts par trauksmi nenov\u0113r\u0161amu p\u0101rmai\u0146u priek\u0161\u0101, sare\u017e\u0123\u012btaj\u0101m b\u0113rnu un vec\u0101ku attiec\u012bb\u0101m un ap\u0146\u0113m\u012bbu atrast savu [&hellip;]<\/p>\n                            \n                                                                                                                        <div class=\"flex flex-wrap gap-4 mt-4\">\n                                                                            <span class=\"flex flex-col w-40 bg-bg rounded-sm pl-4 pr-[18px] py-2\">\n                                                                                            <span class=\"text-base text-text-light\">otrdien 8 Sep<\/span>\n                                                                                                                                        <span class=\"font-semibold text-text-light text-h6 leading-[1.5]\">13:00<\/span>\n                                                                                                                                <\/span>\n                                                                            <span class=\"flex flex-col w-40 bg-bg rounded-sm pl-4 pr-[18px] py-2\">\n                                                                                            <span class=\"text-base text-text-light\">tre\u0161dien 9 Sep<\/span>\n                                                                                                                                        <span class=\"font-semibold text-text-light text-h6 leading-[1.5]\">13:30<\/span>\n                                                                                                                                <\/span>\n                                                                            <span class=\"flex flex-col w-40 bg-bg rounded-sm pl-4 pr-[18px] py-2\">\n                                                                                            <span class=\"text-base text-text-light\">ceturtdien 10 Sep<\/span>\n                                                                                                                                        <span class=\"font-semibold text-text-light text-h6 leading-[1.5]\">13:30<\/span>\n                                                                                                                                <\/span>\n                                                                    <\/div>\n                            \n                            <\/div>\n\n                            <div class=\"flex justify-end\">\n                                <a class=\"arrow-link\" href=\"https:\/\/dokforums.gov.lv\/lv\/films\/par-ko-klus-rozi\/\">\n    Uzzin\u0101t vair\u0101k    <span class=\"arrow-link__circle\" aria-hidden=\"true\"><!-- @license lucide-static v1.18.0 - ISC -->\n<svg\n  class=\"lucide lucide-chevron-right\"\n  xmlns=\"http:\/\/www.w3.org\/2000\/svg\"\n  width=\"24\"\n  height=\"24\"\n  viewBox=\"0 0 24 24\"\n  fill=\"none\"\n  stroke=\"currentColor\"\n  stroke-width=\"2\"\n  stroke-linecap=\"round\"\n  stroke-linejoin=\"round\"\n>\n  <path d=\"m9 18 6-6-6-6\" \/>\n<\/svg>\n<\/span>\n<\/a>\n                            <\/div>\n                        <\/div>\n\n                    <\/article>\n                                    <article class=\"grid md:grid-cols-2 gap-6 md:gap-8 py-6 md:py-5\">\n\n                        <div class=\"aspect-[662\/431] rounded-[20px] overflow-hidden bg-bg\">\n                            <img loading=\"lazy\" decoding=\"async\" width=\"768\" height=\"322\" src=\"https:\/\/dokforums.gov.lv\/lv\/wp-content\/uploads\/sites\/3\/2026\/08\/Romualds-un-jura-768x322.jpg\" class=\"w-full h-full object-cover wp-post-image\" alt=\"\" srcset=\"https:\/\/dokforums.gov.lv\/lv\/wp-content\/uploads\/sites\/3\/2026\/08\/Romualds-un-jura-768x322.jpg 768w, https:\/\/dokforums.gov.lv\/lv\/wp-content\/uploads\/sites\/3\/2026\/08\/Romualds-un-jura-300x126.jpg 300w, https:\/\/dokforums.gov.lv\/lv\/wp-content\/uploads\/sites\/3\/2026\/08\/Romualds-un-jura-1024x429.jpg 1024w, https:\/\/dokforums.gov.lv\/lv\/wp-content\/uploads\/sites\/3\/2026\/08\/Romualds-un-jura-1536x644.jpg 1536w, https:\/\/dokforums.gov.lv\/lv\/wp-content\/uploads\/sites\/3\/2026\/08\/Romualds-un-jura.jpg 2048w\" sizes=\"auto, (max-width: 768px) 100vw, 768px\" \/>                        <\/div>\n\n                                                <div class=\"flex flex-col justify-between gap-8\">\n                            <div>\n                                                        <h3 class=\"text-h3-m md:text-[3rem] md:leading-[1.25] font-medium tracking-[-0.02em] text-secondary\">\n                                <a href=\"https:\/\/dokforums.gov.lv\/lv\/films\/romualds-un-jura\/\" class=\"group\"><span class=\"group-hover:underline\">Romualds un j\u016bra<\/span><\/a>\n                            <\/h3>\n\n                                                            <p class=\"text-base font-semibold text-text-light mt-3\">Re\u017e. Joris Skudra \u2022 2025 \u2022 73 min \u2022 Lietuva \u2022 12+<\/p>\n                            \n                                                            <p class=\"text-body-lg text-text-light mt-3\">Romualds Po\u017eerskis ir viens no Lietuvas iev\u0113rojam\u0101kajiem fotogr\u0101fiem. Padomju okup\u0101cijas laik\u0101, kad bija aizliegts fotograf\u0113t j\u016bru, reli\u0123iju un kailumu, Po\u017eerskis dokument\u0113ja lietuvie\u0161u jaunie\u0161u alkas p\u0113c br\u012bv\u012bbas. Desmitiem t\u016bksto\u0161i notvertu mirk\u013cu, unk\u0101ls skat\u012bjums, kuru tolaik bija liegts izst\u0101d\u012bt. Slepena amerik\u0101\u0146u rokm\u016bzikas klaus\u012b\u0161an\u0101s nakt\u012bs, neat\u013cauti motobraucieni gar j\u016bru un att\u0113ls k\u0101 preto\u0161an\u0101s forma. Neraugoties uz stingro padomju [&hellip;]<\/p>\n                            \n                                                                                                                        <div class=\"flex flex-wrap gap-4 mt-4\">\n                                                                            <span class=\"flex flex-col w-40 bg-bg rounded-sm pl-4 pr-[18px] py-2\">\n                                                                                            <span class=\"text-base text-text-light\">8\u201313 Sep<\/span>\n                                                                                                                                        <span class=\"font-semibold text-text-light text-h6 leading-[1.5]\">filmas.lv<\/span>\n                                                                                                                                <\/span>\n                                                                    <\/div>\n                            \n                            <\/div>\n\n                            <div class=\"flex justify-end\">\n                                <a class=\"arrow-link\" href=\"https:\/\/dokforums.gov.lv\/lv\/films\/romualds-un-jura\/\">\n    Uzzin\u0101t vair\u0101k    <span class=\"arrow-link__circle\" aria-hidden=\"true\"><!-- @license lucide-static v1.18.0 - ISC -->\n<svg\n  class=\"lucide lucide-chevron-right\"\n  xmlns=\"http:\/\/www.w3.org\/2000\/svg\"\n  width=\"24\"\n  height=\"24\"\n  viewBox=\"0 0 24 24\"\n  fill=\"none\"\n  stroke=\"currentColor\"\n  stroke-width=\"2\"\n  stroke-linecap=\"round\"\n  stroke-linejoin=\"round\"\n>\n  <path d=\"m9 18 6-6-6-6\" \/>\n<\/svg>\n<\/span>\n<\/a>\n                            <\/div>\n                        <\/div>\n\n                    <\/article>\n                                    <article class=\"grid md:grid-cols-2 gap-6 md:gap-8 py-6 md:py-5\">\n\n                        <div class=\"aspect-[662\/431] rounded-[20px] overflow-hidden bg-bg\">\n                            <img loading=\"lazy\" decoding=\"async\" width=\"768\" height=\"432\" src=\"https:\/\/dokforums.gov.lv\/lv\/wp-content\/uploads\/sites\/3\/2026\/08\/Tehplomatija-768x432.jpg\" class=\"w-full h-full object-cover wp-post-image\" alt=\"\" srcset=\"https:\/\/dokforums.gov.lv\/lv\/wp-content\/uploads\/sites\/3\/2026\/08\/Tehplomatija-768x432.jpg 768w, https:\/\/dokforums.gov.lv\/lv\/wp-content\/uploads\/sites\/3\/2026\/08\/Tehplomatija-300x169.jpg 300w, https:\/\/dokforums.gov.lv\/lv\/wp-content\/uploads\/sites\/3\/2026\/08\/Tehplomatija-1024x576.jpg 1024w, https:\/\/dokforums.gov.lv\/lv\/wp-content\/uploads\/sites\/3\/2026\/08\/Tehplomatija-1536x864.jpg 1536w, https:\/\/dokforums.gov.lv\/lv\/wp-content\/uploads\/sites\/3\/2026\/08\/Tehplomatija.jpg 1920w\" sizes=\"auto, (max-width: 768px) 100vw, 768px\" \/>                        <\/div>\n\n                                                <div class=\"flex flex-col justify-between gap-8\">\n                            <div>\n                                                        <h3 class=\"text-h3-m md:text-[3rem] md:leading-[1.25] font-medium tracking-[-0.02em] text-secondary\">\n                                <a href=\"https:\/\/dokforums.gov.lv\/lv\/films\/tehplomatija\/\" class=\"group\"><span class=\"group-hover:underline\">Tehplom\u0101tija<\/span><\/a>\n                            <\/h3>\n\n                                                            <p class=\"text-base font-semibold text-text-light mt-3\">Re\u017e. Susanne Kov\u0101\u010da \u2022 2026 \u2022 93 min \u2022 D\u0101nija \u2022 12+<\/p>\n                            \n                                                            <p class=\"text-body-lg text-text-light mt-3\">Digit\u0101l\u0101 vide main\u0101s teju nekontrol\u0113jam\u0101 temp\u0101, bet demokr\u0101tisk\u0101s instit\u016bcijas un regul\u0113jums nesp\u0113j tai tikt l\u012bdzi. Kas noteiks, k\u0101das tehnolo\u0123ijas veidos m\u016bsu n\u0101kotni \u2013 demokr\u0101tisk\u0101s v\u0113rt\u012bbas vai korpor\u0101ciju intereses? Uz\u0146\u0113m\u012bg\u0101 d\u0101niete Anne Marija Engtofta Meldgorda ir viena no pirmaj\u0101m starptautiskaj\u0101m v\u0113stniec\u0113m tehnolo\u0123iju jom\u0101. Zieme\u013cniecisk\u0101 tie\u0161um\u0101 un ar p\u0101rliec\u012bbu par cilv\u0113kties\u012bbu un sabiedrisk\u0101 labuma noz\u012bmi vi\u0146a dodas [&hellip;]<\/p>\n                            \n                                                                                                                        <div class=\"flex flex-wrap gap-4 mt-4\">\n                                                                            <span class=\"flex flex-col w-40 bg-bg rounded-sm pl-4 pr-[18px] py-2\">\n                                                                                            <span class=\"text-base text-text-light\">otrdien 8 Sep<\/span>\n                                                                                                                                        <span class=\"font-semibold text-text-light text-h6 leading-[1.5]\">19:00<\/span>\n                                                                                                                                <\/span>\n                                                                            <span class=\"flex flex-col w-40 bg-bg rounded-sm pl-4 pr-[18px] py-2\">\n                                                                                            <span class=\"text-base text-text-light\">ceturtdien 10 Sep<\/span>\n                                                                                                                                        <span class=\"font-semibold text-text-light text-h6 leading-[1.5]\">18:00<\/span>\n                                                                                                                                <\/span>\n                                                                            <span class=\"flex flex-col w-40 bg-bg rounded-sm pl-4 pr-[18px] py-2\">\n                                                                                            <span class=\"text-base text-text-light\">piektdien 11 Sep<\/span>\n                                                                                                                                        <span class=\"font-semibold text-text-light text-h6 leading-[1.5]\">20:30<\/span>\n                                                                                                                                <\/span>\n                                                                    <\/div>\n                            \n                            <\/div>\n\n                            <div class=\"flex justify-end\">\n                                <a class=\"arrow-link\" href=\"https:\/\/dokforums.gov.lv\/lv\/films\/tehplomatija\/\">\n    Uzzin\u0101t vair\u0101k    <span class=\"arrow-link__circle\" aria-hidden=\"true\"><!-- @license lucide-static v1.18.0 - ISC -->\n<svg\n  class=\"lucide lucide-chevron-right\"\n  xmlns=\"http:\/\/www.w3.org\/2000\/svg\"\n  width=\"24\"\n  height=\"24\"\n  viewBox=\"0 0 24 24\"\n  fill=\"none\"\n  stroke=\"currentColor\"\n  stroke-width=\"2\"\n  stroke-linecap=\"round\"\n  stroke-linejoin=\"round\"\n>\n  <path d=\"m9 18 6-6-6-6\" \/>\n<\/svg>\n<\/span>\n<\/a>\n                            <\/div>\n                        <\/div>\n\n                    <\/article>\n                                    <article class=\"grid md:grid-cols-2 gap-6 md:gap-8 py-6 md:py-5\">\n\n                        <div class=\"aspect-[662\/431] rounded-[20px] overflow-hidden bg-bg\">\n                            <img loading=\"lazy\" decoding=\"async\" width=\"768\" height=\"432\" src=\"https:\/\/dokforums.gov.lv\/lv\/wp-content\/uploads\/sites\/3\/2026\/08\/Terauda-braliba-768x432.jpg\" class=\"w-full h-full object-cover wp-post-image\" alt=\"\" srcset=\"https:\/\/dokforums.gov.lv\/lv\/wp-content\/uploads\/sites\/3\/2026\/08\/Terauda-braliba-768x432.jpg 768w, https:\/\/dokforums.gov.lv\/lv\/wp-content\/uploads\/sites\/3\/2026\/08\/Terauda-braliba-300x169.jpg 300w, https:\/\/dokforums.gov.lv\/lv\/wp-content\/uploads\/sites\/3\/2026\/08\/Terauda-braliba-1024x576.jpg 1024w, https:\/\/dokforums.gov.lv\/lv\/wp-content\/uploads\/sites\/3\/2026\/08\/Terauda-braliba-1536x864.jpg 1536w, https:\/\/dokforums.gov.lv\/lv\/wp-content\/uploads\/sites\/3\/2026\/08\/Terauda-braliba.jpg 1920w\" sizes=\"auto, (max-width: 768px) 100vw, 768px\" \/>                        <\/div>\n\n                                                <div class=\"flex flex-col justify-between gap-8\">\n                            <div>\n                                                        <h3 class=\"text-h3-m md:text-[3rem] md:leading-[1.25] font-medium tracking-[-0.02em] text-secondary\">\n                                <a href=\"https:\/\/dokforums.gov.lv\/lv\/films\/terauda-braliba\/\" class=\"group\"><span class=\"group-hover:underline\">T\u0113rauda br\u0101l\u012bba<\/span><\/a>\n                            <\/h3>\n\n                                                            <p class=\"text-base font-semibold text-text-light mt-3\">Re\u017e. J\u016blija Hontaruka \u2022 2026 \u2022 120 min \u2022 Ukraina, Latvija, Slov\u0101kija \u2022 16+<\/p>\n                            \n                                                            <p class=\"text-body-lg text-text-light mt-3\">Kad 2014. gad\u0101 Krievija okup\u0113ja Krimu, tr\u012bs ukrai\u0146u pui\u0161i \u2013 \u0160ahta, Poters un Dejot\u0101js \u2013 br\u012bvpr\u0101t\u012bgi dev\u0101s karot. P\u0113c pilna m\u0113roga iebrukuma 2022. gada pavasar\u012b vi\u0146iem atkal n\u0101kas atgriezties front\u0113. Re\u017eisore \u013cauj tuvpl\u0101n\u0101 iepaz\u012bt ukrai\u0146u paaudzi, kuras dz\u012bvi nosaka ne\u017e\u0113l\u012bga c\u012b\u0146a par valsts past\u0101v\u0113\u0161anu. Atgrie\u0161an\u0101s civilaj\u0101 dz\u012bv\u0113 izr\u0101d\u0101s ne maz\u0101k sare\u017e\u0123\u012bta. Biju\u0161ie kareivji izj\u016bt atsve\u0161in\u0101t\u012bbu [&hellip;]<\/p>\n                            \n                                                                                                                        <div class=\"flex flex-wrap gap-4 mt-4\">\n                                                                            <span class=\"flex flex-col w-40 bg-bg rounded-sm pl-4 pr-[18px] py-2\">\n                                                                                            <span class=\"text-base text-text-light\">otrdien 8 Sep<\/span>\n                                                                                                                                        <span class=\"font-semibold text-text-light text-h6 leading-[1.5]\">18:00<\/span>\n                                                                                                                                <\/span>\n                                                                            <span class=\"flex flex-col w-40 bg-bg rounded-sm pl-4 pr-[18px] py-2\">\n                                                                                            <span class=\"text-base text-text-light\">sestdien 12 Sep<\/span>\n                                                                                                                                        <span class=\"font-semibold text-text-light text-h6 leading-[1.5]\">17:30<\/span>\n                                                                                                                                <\/span>\n                                                                    <\/div>\n                            \n                            <\/div>\n\n                            <div class=\"flex justify-end\">\n                                <a class=\"arrow-link\" href=\"https:\/\/dokforums.gov.lv\/lv\/films\/terauda-braliba\/\">\n    Uzzin\u0101t vair\u0101k    <span class=\"arrow-link__circle\" aria-hidden=\"true\"><!-- @license lucide-static v1.18.0 - ISC -->\n<svg\n  class=\"lucide lucide-chevron-right\"\n  xmlns=\"http:\/\/www.w3.org\/2000\/svg\"\n  width=\"24\"\n  height=\"24\"\n  viewBox=\"0 0 24 24\"\n  fill=\"none\"\n  stroke=\"currentColor\"\n  stroke-width=\"2\"\n  stroke-linecap=\"round\"\n  stroke-linejoin=\"round\"\n>\n  <path d=\"m9 18 6-6-6-6\" \/>\n<\/svg>\n<\/span>\n<\/a>\n                            <\/div>\n                        <\/div>\n\n                    <\/article>\n                                    <article class=\"grid md:grid-cols-2 gap-6 md:gap-8 py-6 md:py-5\">\n\n                        <div class=\"aspect-[662\/431] rounded-[20px] overflow-hidden bg-bg\">\n                            <img loading=\"lazy\" decoding=\"async\" width=\"768\" height=\"512\" src=\"https:\/\/dokforums.gov.lv\/lv\/wp-content\/uploads\/sites\/3\/2026\/08\/Ukrainu-serifi-768x512.jpg\" class=\"w-full h-full object-cover wp-post-image\" alt=\"\" srcset=\"https:\/\/dokforums.gov.lv\/lv\/wp-content\/uploads\/sites\/3\/2026\/08\/Ukrainu-serifi-768x512.jpg 768w, https:\/\/dokforums.gov.lv\/lv\/wp-content\/uploads\/sites\/3\/2026\/08\/Ukrainu-serifi-300x200.jpg 300w, https:\/\/dokforums.gov.lv\/lv\/wp-content\/uploads\/sites\/3\/2026\/08\/Ukrainu-serifi-1024x683.jpg 1024w, https:\/\/dokforums.gov.lv\/lv\/wp-content\/uploads\/sites\/3\/2026\/08\/Ukrainu-serifi-1536x1024.jpg 1536w, https:\/\/dokforums.gov.lv\/lv\/wp-content\/uploads\/sites\/3\/2026\/08\/Ukrainu-serifi.jpg 1920w\" sizes=\"auto, (max-width: 768px) 100vw, 768px\" \/>                        <\/div>\n\n                                                <div class=\"flex flex-col justify-between gap-8\">\n                            <div>\n                                                        <h3 class=\"text-h3-m md:text-[3rem] md:leading-[1.25] font-medium tracking-[-0.02em] text-secondary\">\n                                <a href=\"https:\/\/dokforums.gov.lv\/lv\/films\/ukrainu-serifi\/\" class=\"group\"><span class=\"group-hover:underline\">Ukrai\u0146u \u0161erifi<\/span><\/a>\n                            <\/h3>\n\n                                                            <p class=\"text-base font-semibold text-text-light mt-3\">Re\u017e. Romans Bondar\u010duks \u2022 2015 \u2022 85 min \u2022 Ukraina, Latvija, V\u0101cija \u2022 16+<\/p>\n                            \n                                                            <p class=\"text-body-lg text-text-light mt-3\">Noma\u013caj\u0101 Ukrainas ciemat\u0101 Starazburivk\u0101, kur ofici\u0101l\u0101s policijas p\u0101rst\u0101vji iegrie\u017eas reti, ciema priek\u0161nieks ir atradis iedarb\u012bgu veidu, k\u0101 c\u012bn\u012bties ar nek\u0101rt\u012bb\u0101m. Vi\u0146\u0161 izraudz\u012bjies un iec\u0113lis par \u0161erifiem divus v\u012brus &#8211; gudr\u0101ko un stipr\u0101ko apkaim\u0113. Bru\u0146oju\u0161ies ar spo\u017eiem \u017eetoniem un sagrab\u0113ju\u0161u \u017eiguli, k\u0101rt\u012bbsargi traucas uz k\u0101rt\u0113jo izsaukumu &#8211; k\u0101dam nozagtas divas p\u012bles, sievietei uzbr\u016bk anakonda, bet viet\u0113jais [&hellip;]<\/p>\n                            \n                                                                                                                        <div class=\"flex flex-wrap gap-4 mt-4\">\n                                                                            <span class=\"flex flex-col w-40 bg-bg rounded-sm pl-4 pr-[18px] py-2\">\n                                                                                            <span class=\"text-base text-text-light\">8\u201313 Sep<\/span>\n                                                                                                                                        <span class=\"font-semibold text-text-light text-h6 leading-[1.5]\">filmas.lv<\/span>\n                                                                                                                                <\/span>\n                                                                            <span class=\"flex flex-col w-40 bg-bg rounded-sm pl-4 pr-[18px] py-2\">\n                                                                                            <span class=\"text-base text-text-light\">sestdien 12 Sep<\/span>\n                                                                                                                                        <span class=\"font-semibold text-text-light text-h6 leading-[1.5]\">13:00<\/span>\n                                                                                                                                <\/span>\n                                                                    <\/div>\n                            \n                            <\/div>\n\n                            <div class=\"flex justify-end\">\n                                <a class=\"arrow-link\" href=\"https:\/\/dokforums.gov.lv\/lv\/films\/ukrainu-serifi\/\">\n    Uzzin\u0101t vair\u0101k    <span class=\"arrow-link__circle\" aria-hidden=\"true\"><!-- @license lucide-static v1.18.0 - ISC -->\n<svg\n  class=\"lucide lucide-chevron-right\"\n  xmlns=\"http:\/\/www.w3.org\/2000\/svg\"\n  width=\"24\"\n  height=\"24\"\n  viewBox=\"0 0 24 24\"\n  fill=\"none\"\n  stroke=\"currentColor\"\n  stroke-width=\"2\"\n  stroke-linecap=\"round\"\n  stroke-linejoin=\"round\"\n>\n  <path d=\"m9 18 6-6-6-6\" \/>\n<\/svg>\n<\/span>\n<\/a>\n                            <\/div>\n                        <\/div>\n\n                    <\/article>\n                            <\/div>\n\n                <\/div>\n    <\/div>\n<\/section>\n\n\n\n<section id=\"promo-split-block_493caaa5919d0fdb915ef3982266d1a8\" class=\"block promo-split band\">\n        <div class=\"grid grid-cols-1 md:grid-cols-2 md:gap-0.5\">\n\n                <div class=\"relative max-md:z-10 overflow-hidden rounded-lg h-[280px] md:h-auto md:aspect-[750\/694] bg-bg md:order-2\">\n            <img loading=\"lazy\" decoding=\"async\" width=\"1024\" height=\"739\" src=\"https:\/\/dokforums.gov.lv\/lv\/wp-content\/uploads\/sites\/3\/2026\/07\/bsd-volunteers-photo-1024x739.jpg\" class=\"absolute inset-0 w-full h-full object-cover\" alt=\"\" srcset=\"https:\/\/dokforums.gov.lv\/lv\/wp-content\/uploads\/sites\/3\/2026\/07\/bsd-volunteers-photo-1024x739.jpg 1024w, https:\/\/dokforums.gov.lv\/lv\/wp-content\/uploads\/sites\/3\/2026\/07\/bsd-volunteers-photo-300x216.jpg 300w, https:\/\/dokforums.gov.lv\/lv\/wp-content\/uploads\/sites\/3\/2026\/07\/bsd-volunteers-photo-768x554.jpg 768w, https:\/\/dokforums.gov.lv\/lv\/wp-content\/uploads\/sites\/3\/2026\/07\/bsd-volunteers-photo-1536x1108.jpg 1536w, https:\/\/dokforums.gov.lv\/lv\/wp-content\/uploads\/sites\/3\/2026\/07\/bsd-volunteers-photo.jpg 1600w\" sizes=\"auto, (max-width: 1024px) 100vw, 1024px\" \/>        <\/div>\n\n        <div class=\"rounded-b-lg md:rounded-lg max-md:-mt-4 px-5 py-10 max-md:pt-14 md:p-16 min-h-[360px] flex flex-col justify-between gap-8 bg-primary text-white\">\n            <div>\n                \n                <h2 class=\"block-title text-white\">Spotlight on keynote speakers<\/h2>\n                <p class=\"text-body-md mt-4\">We&#8217;ll explore how these trends reflect and respond to the evolving needs of our audience.<\/p>            <\/div>\n\n            <a class=\"inline-flex items-center justify-center h-11 px-6 font-bold text-body-md self-start hover:underline bg-white text-secondary\" href=\"\/industry\/decision-makers-guests\/\">View speakers<\/a>        <\/div>\n\n    <\/div>\n<\/section>\n\n\n\n<section id=\"news-grid-block_18527ff0c8cfda4a31db7e607c834923\" class=\"block news-grid band\">\n    <div class=\"rounded-lg bg-bg-alt px-5 py-8 md:p-14\">\n\n        <div class=\"flex items-start justify-between gap-6 mb-10\">\n            <h2 class=\"block-title\">Zi\u0146as<\/h2>\n            <a class=\"arrow-link shrink-0\" href=\"\/news\/\">\n    View All    <span class=\"arrow-link__circle\" aria-hidden=\"true\"><!-- @license lucide-static v1.18.0 - ISC -->\n<svg\n  class=\"lucide lucide-chevron-right\"\n  xmlns=\"http:\/\/www.w3.org\/2000\/svg\"\n  width=\"24\"\n  height=\"24\"\n  viewBox=\"0 0 24 24\"\n  fill=\"none\"\n  stroke=\"currentColor\"\n  stroke-width=\"2\"\n  stroke-linecap=\"round\"\n  stroke-linejoin=\"round\"\n>\n  <path d=\"m9 18 6-6-6-6\" \/>\n<\/svg>\n<\/span>\n<\/a>\n        <\/div>\n\n                    <div class=\"grid grid-cols-1 md:grid-cols-3 gap-8 md:gap-12\">\n                <a class=\"block group\" href=\"https:\/\/dokforums.gov.lv\/lv\/30-dokumentalo-filmu-forums-izzino-jubilejas-programmu\/\">\n    <span class=\"flex items-baseline gap-2 mb-3 text-base\">\n                    <span class=\"text-primary font-semibold tracking-[0.04em]\">Filmu programma<\/span>\n            <span class=\"text-secondary\" aria-hidden=\"true\">&#8226;<\/span>\n                <time class=\"text-secondary\" datetime=\"2026-08-21T10:06:59+03:00\">21.08.2026<\/time>\n    <\/span>\n    <h3 class=\"text-body-lg md:text-h6 font-bold leading-[1.25] text-secondary group-hover:underline\">30. Dokument\u0101lo filmu forums izzi\u0146o jubilejas programmu<\/h3>\n<\/a>\n            <\/div>\n        \n    <\/div>\n<\/section>\n","protected":false},"excerpt":{"rendered":"","protected":false},"author":1,"featured_media":0,"parent":0,"menu_order":0,"comment_status":"closed","ping_status":"closed","template":"","meta":{"_acf_changed":false,"footnotes":""},"class_list":["post-57","page","type-page","status-publish","hentry"],"acf":[],"_links":{"self":[{"href":"https:\/\/dokforums.gov.lv\/lv\/wp-json\/wp\/v2\/pages\/57","targetHints":{"allow":["GET"]}}],"collection":[{"href":"https:\/\/dokforums.gov.lv\/lv\/wp-json\/wp\/v2\/pages"}],"about":[{"href":"https:\/\/dokforums.gov.lv\/lv\/wp-json\/wp\/v2\/types\/page"}],"author":[{"embeddable":true,"href":"https:\/\/dokforums.gov.lv\/lv\/wp-json\/wp\/v2\/users\/1"}],"replies":[{"embeddable":true,"href":"https:\/\/dokforums.gov.lv\/lv\/wp-json\/wp\/v2\/comments?post=57"}],"version-history":[{"count":5,"href":"https:\/\/dokforums.gov.lv\/lv\/wp-json\/wp\/v2\/pages\/57\/revisions"}],"predecessor-version":[{"id":399,"href":"https:\/\/dokforums.gov.lv\/lv\/wp-json\/wp\/v2\/pages\/57\/revisions\/399"}],"wp:attachment":[{"href":"https:\/\/dokforums.gov.lv\/lv\/wp-json\/wp\/v2\/media?parent=57"}],"curies":[{"name":"wp","href":"https:\/\/api.w.org\/{rel}","templated":true}]}}